{"id":36,"date":"2021-02-04T09:34:56","date_gmt":"2021-02-04T08:34:56","guid":{"rendered":"http:\/\/bpf.flaw.uniba.sk\/?page_id=36"},"modified":"2026-09-01T10:03:45","modified_gmt":"2026-09-01T08:03:45","slug":"uvod","status":"publish","type":"page","link":"https:\/\/bpf.flaw.uniba.sk\/en\/","title":{"rendered":"Home"},"content":{"rendered":"<p class=\"has-text-align-center wp-block-paragraph\"><strong>The Faculty of Law<\/strong> <strong>of Comenius University Bratislava<\/strong> cordially invites you to the 12th edition of the international scientific conference <strong>\"Bratislava Legal Forum 2026\"<\/strong>which will take place on the premises of the Faculty of Law of Comenius University Bratislava <strong>on 17 \u2013 18 September 2026 <\/strong>(Thursday \u2013 Friday).<\/p>\n\n\n\n<p class=\"has-text-align-center wp-block-paragraph\">The conference is organized on the occasion <strong>of the 105th anniversary<\/strong> of the establishment of the Faculty of Law of Comenius University Bratislava.<\/p>\n\n\n\n<p class=\"has-text-align-center wp-block-paragraph\">The central theme of the plenary session:<br><strong>\"Sustainability of Business Activity in the EU in the Context<\/strong>&nbsp;<strong>of Environmental Protection\"<\/strong><\/p>\n\n\n\n<p class=\"wp-block-paragraph\"><\/p>\n\n\n\n<p class=\"has-text-align-center wp-block-paragraph\">The main aim of the conference is to provide a platform for discussion between representatives of the various legal professions and academics. In line with this objective <strong>the conference is divided into a plenary session and parallel discussions<\/strong>&nbsp;<strong>held in thematic sections. <\/strong>The conference also aims to strengthen international cooperation and present scholarly outcomes.<\/p>\n\n\n\n<h2 class=\"wp-block-heading has-text-align-center\"><a href=\"https:\/\/bpf.flaw.uniba.sk\/en\/plenarne-zasadnutie\/\">17 September 2026 (Thursday)<\/a><\/h2>\n\n\n\n<p class=\"has-text-align-center wp-block-paragraph\"><strong>9.00 \u2013 13.00<\/strong><\/p>\n\n\n\n<p class=\"has-text-align-center wp-block-paragraph\"><strong>\"Plenary Session\" <\/strong>\u2013 Panel Discussions<\/p>\n\n\n\n<p class=\"has-text-align-center wp-block-paragraph\"><strong><strong>\"Sustainability of Business Activity in the EU in the Context<\/strong><\/strong>&nbsp;<strong><strong>of Environmental Protection\"<\/strong><\/strong><\/p>\n\n\n\n<p class=\"has-text-align-center wp-block-paragraph\"><strong>13.00 \u2013 14.00<\/strong><\/p>\n\n\n\n<p class=\"has-text-align-center wp-block-paragraph\"><strong>Lunch<\/strong><\/p>\n\n\n\n<p class=\"has-text-align-center wp-block-paragraph\"><strong>14.00 \u2013 17.00<\/strong><\/p>\n\n\n\n<p class=\"has-text-align-center wp-block-paragraph\"><strong><strong>Discussions in Professional Sections<\/strong><\/strong><\/p>\n\n\n\n<p class=\"has-text-align-center wp-block-paragraph\"><strong>18.00<\/strong><\/p>\n\n\n\n<p class=\"has-text-align-center wp-block-paragraph\"><strong>Gala Reception at Hotel Dev\u00edn<\/strong><\/p>\n\n\n\n<p class=\"has-text-align-center wp-block-paragraph\">(Street: Rie\u010dna 4, 811 02\u00a0 Bratislava)<\/p>\n\n\n<div class=\"wp-block-image\">\n<figure class=\"aligncenter\"><img fetchpriority=\"high\" decoding=\"async\" width=\"436\" height=\"134\" src=\"https:\/\/bpf.flaw.uniba.sk\/wp-content\/uploads\/2024\/06\/hotel-devin.jpg\" alt=\"\" class=\"wp-image-1429\" srcset=\"https:\/\/bpf.flaw.uniba.sk\/wp-content\/uploads\/2024\/06\/hotel-devin.jpg 436w, https:\/\/bpf.flaw.uniba.sk\/wp-content\/uploads\/2024\/06\/hotel-devin-300x92.jpg 300w, https:\/\/bpf.flaw.uniba.sk\/wp-content\/uploads\/2024\/06\/hotel-devin-18x6.jpg 18w\" sizes=\"(max-width: 436px) 100vw, 436px\" \/><\/figure>\n<\/div>\n\n\n<p class=\"wp-block-paragraph\"><\/p>\n\n\n\n<h2 class=\"wp-block-heading has-text-align-center\"><a href=\"https:\/\/bpf.flaw.uniba.sk\/en\/program\/\">18 September 2026 (Friday)<\/a><\/h2>\n\n\n\n<p class=\"has-text-align-center wp-block-paragraph\"><strong>09.00 \u2013 17.00<\/strong><\/p>\n\n\n\n<p class=\"has-text-align-center wp-block-paragraph\"><strong>Discussions in Professional Sections<\/strong><\/p>\n\n\n\n<p class=\"has-text-align-center wp-block-paragraph\"><strong>19.00<\/strong>&nbsp; Boat cruise <strong>aboard<\/strong> <strong>Harm\u00f3nia<\/strong> on the \"Bratislava Circuit\" route, combined with an evening reception<\/p>\n\n\n<div class=\"wp-block-image\">\n<figure class=\"aligncenter is-resized\"><img decoding=\"async\" width=\"1024\" height=\"768\" src=\"https:\/\/bpf.flaw.uniba.sk\/wp-content\/uploads\/2025\/09\/Harmonia-P15-1-1024x768.jpg\" alt=\"\" class=\"wp-image-2568\" style=\"width:341px;height:auto\" srcset=\"https:\/\/bpf.flaw.uniba.sk\/wp-content\/uploads\/2025\/09\/Harmonia-P15-1-1024x768.jpg 1024w, https:\/\/bpf.flaw.uniba.sk\/wp-content\/uploads\/2025\/09\/Harmonia-P15-1-300x225.jpg 300w, https:\/\/bpf.flaw.uniba.sk\/wp-content\/uploads\/2025\/09\/Harmonia-P15-1-768x576.jpg 768w, https:\/\/bpf.flaw.uniba.sk\/wp-content\/uploads\/2025\/09\/Harmonia-P15-1-1536x1152.jpg 1536w, https:\/\/bpf.flaw.uniba.sk\/wp-content\/uploads\/2025\/09\/Harmonia-P15-1-16x12.jpg 16w, https:\/\/bpf.flaw.uniba.sk\/wp-content\/uploads\/2025\/09\/Harmonia-P15-1-1200x900.jpg 1200w, https:\/\/bpf.flaw.uniba.sk\/wp-content\/uploads\/2025\/09\/Harmonia-P15-1-1980x1485.jpg 1980w, https:\/\/bpf.flaw.uniba.sk\/wp-content\/uploads\/2025\/09\/Harmonia-P15-1.jpg 2048w\" sizes=\"(max-width: 1024px) 100vw, 1024px\" \/><\/figure>\n<\/div>\n\n\n<h2 class=\"wp-block-heading has-text-align-center\">Main Partner<\/h2>\n\n\n<div class=\"wp-block-image\">\n<figure class=\"aligncenter size-full is-resized\"><img decoding=\"async\" width=\"654\" height=\"175\" src=\"https:\/\/bpf.flaw.uniba.sk\/wp-content\/uploads\/2025\/07\/layout_set_logo.png\" alt=\"\" class=\"wp-image-2352\" style=\"aspect-ratio:3.7373157189354775;width:321px;height:auto\" srcset=\"https:\/\/bpf.flaw.uniba.sk\/wp-content\/uploads\/2025\/07\/layout_set_logo.png 654w, https:\/\/bpf.flaw.uniba.sk\/wp-content\/uploads\/2025\/07\/layout_set_logo-300x80.png 300w, https:\/\/bpf.flaw.uniba.sk\/wp-content\/uploads\/2025\/07\/layout_set_logo-18x5.png 18w\" sizes=\"(max-width: 654px) 100vw, 654px\" \/><\/figure>\n<\/div>\n\n\n<h2 class=\"wp-block-heading has-text-align-center\">With Financial Support From<\/h2>\n\n\n<div class=\"wp-block-image\">\n<figure class=\"aligncenter size-large is-resized\"><img loading=\"lazy\" decoding=\"async\" width=\"1024\" height=\"520\" src=\"https:\/\/bpf.flaw.uniba.sk\/wp-content\/uploads\/2025\/07\/logo_V4-Fund-9-1024x520.png\" alt=\"\" class=\"wp-image-2316\" style=\"width:376px;height:auto\" srcset=\"https:\/\/bpf.flaw.uniba.sk\/wp-content\/uploads\/2025\/07\/logo_V4-Fund-9-1024x520.png 1024w, https:\/\/bpf.flaw.uniba.sk\/wp-content\/uploads\/2025\/07\/logo_V4-Fund-9-300x152.png 300w, https:\/\/bpf.flaw.uniba.sk\/wp-content\/uploads\/2025\/07\/logo_V4-Fund-9-768x390.png 768w, https:\/\/bpf.flaw.uniba.sk\/wp-content\/uploads\/2025\/07\/logo_V4-Fund-9-18x9.png 18w, https:\/\/bpf.flaw.uniba.sk\/wp-content\/uploads\/2025\/07\/logo_V4-Fund-9-1200x610.png 1200w, https:\/\/bpf.flaw.uniba.sk\/wp-content\/uploads\/2025\/07\/logo_V4-Fund-9.png 1240w\" sizes=\"(max-width: 1024px) 100vw, 1024px\" \/><\/figure>\n<\/div>\n\n\n<h2 class=\"wp-block-heading has-text-align-center\">General partners<\/h2>\n\n\n<div class=\"wp-block-image\">\n<figure class=\"aligncenter size-large is-resized\"><img loading=\"lazy\" decoding=\"async\" width=\"1024\" height=\"1024\" src=\"https:\/\/bpf.flaw.uniba.sk\/wp-content\/uploads\/2025\/09\/Logo-Alumni-Klub-copy-1024x1024.png\" alt=\"\" class=\"wp-image-2454\" style=\"width:252px;height:auto\" srcset=\"https:\/\/bpf.flaw.uniba.sk\/wp-content\/uploads\/2025\/09\/Logo-Alumni-Klub-copy-1024x1024.png 1024w, https:\/\/bpf.flaw.uniba.sk\/wp-content\/uploads\/2025\/09\/Logo-Alumni-Klub-copy-300x300.png 300w, https:\/\/bpf.flaw.uniba.sk\/wp-content\/uploads\/2025\/09\/Logo-Alumni-Klub-copy-150x150.png 150w, https:\/\/bpf.flaw.uniba.sk\/wp-content\/uploads\/2025\/09\/Logo-Alumni-Klub-copy-768x768.png 768w, https:\/\/bpf.flaw.uniba.sk\/wp-content\/uploads\/2025\/09\/Logo-Alumni-Klub-copy-12x12.png 12w, https:\/\/bpf.flaw.uniba.sk\/wp-content\/uploads\/2025\/09\/Logo-Alumni-Klub-copy.png 1135w\" sizes=\"(max-width: 1024px) 100vw, 1024px\" \/><\/figure>\n<\/div>\n\n<div class=\"wp-block-image\">\n<figure class=\"aligncenter size-full is-resized\"><img loading=\"lazy\" decoding=\"async\" width=\"275\" height=\"291\" src=\"https:\/\/bpf.flaw.uniba.sk\/wp-content\/uploads\/2026\/08\/beck-edited-1.jpg\" alt=\"\" class=\"wp-image-2886\" style=\"aspect-ratio:1.0136832239925024;width:206px;height:auto\" srcset=\"https:\/\/bpf.flaw.uniba.sk\/wp-content\/uploads\/2026\/08\/beck-edited-1.jpg 275w, https:\/\/bpf.flaw.uniba.sk\/wp-content\/uploads\/2026\/08\/beck-edited-1-11x12.jpg 11w\" sizes=\"(max-width: 275px) 100vw, 275px\" \/><\/figure>\n<\/div>\n\n<div class=\"wp-block-image\">\n<figure class=\"aligncenter size-large is-resized\"><img loading=\"lazy\" decoding=\"async\" width=\"1024\" height=\"282\" src=\"https:\/\/bpf.flaw.uniba.sk\/wp-content\/uploads\/2026\/08\/SN-LOGO-2A-BLUE-1024x282.jpg\" alt=\"\" class=\"wp-image-2877\" style=\"aspect-ratio:3.63129011254767;width:342px;height:auto\" srcset=\"https:\/\/bpf.flaw.uniba.sk\/wp-content\/uploads\/2026\/08\/SN-LOGO-2A-BLUE-1024x282.jpg 1024w, https:\/\/bpf.flaw.uniba.sk\/wp-content\/uploads\/2026\/08\/SN-LOGO-2A-BLUE-300x83.jpg 300w, https:\/\/bpf.flaw.uniba.sk\/wp-content\/uploads\/2026\/08\/SN-LOGO-2A-BLUE-768x211.jpg 768w, https:\/\/bpf.flaw.uniba.sk\/wp-content\/uploads\/2026\/08\/SN-LOGO-2A-BLUE-1536x422.jpg 1536w, https:\/\/bpf.flaw.uniba.sk\/wp-content\/uploads\/2026\/08\/SN-LOGO-2A-BLUE-2048x563.jpg 2048w, https:\/\/bpf.flaw.uniba.sk\/wp-content\/uploads\/2026\/08\/SN-LOGO-2A-BLUE-18x5.jpg 18w, https:\/\/bpf.flaw.uniba.sk\/wp-content\/uploads\/2026\/08\/SN-LOGO-2A-BLUE-1200x330.jpg 1200w, https:\/\/bpf.flaw.uniba.sk\/wp-content\/uploads\/2026\/08\/SN-LOGO-2A-BLUE-1980x545.jpg 1980w\" sizes=\"(max-width: 1024px) 100vw, 1024px\" \/><\/figure>\n<\/div>\n\n<div class=\"wp-block-image\">\n<figure class=\"aligncenter size-full is-resized\"><img loading=\"lazy\" decoding=\"async\" width=\"316\" height=\"159\" src=\"https:\/\/bpf.flaw.uniba.sk\/wp-content\/uploads\/2026\/09\/elsa_logo.png\" alt=\"\" class=\"wp-image-2900\" style=\"width:234px;height:auto\" srcset=\"https:\/\/bpf.flaw.uniba.sk\/wp-content\/uploads\/2026\/09\/elsa_logo.png 316w, https:\/\/bpf.flaw.uniba.sk\/wp-content\/uploads\/2026\/09\/elsa_logo-300x151.png 300w, https:\/\/bpf.flaw.uniba.sk\/wp-content\/uploads\/2026\/09\/elsa_logo-18x9.png 18w\" sizes=\"(max-width: 316px) 100vw, 316px\" \/><\/figure>\n<\/div>\n\n\n<hr class=\"wp-block-separator has-alpha-channel-opacity\"\/>\n\n\n\n<p class=\"has-text-align-center alignwide wp-block-paragraph\"><em>By registering for the conference, participants agree that audiovisual recordings of the conference may be made and used<\/em>&nbsp;<em>the event organiser\u2019s promotional purposes, including publication on the website, social media, and other communication channels. Participants who do not consent to being recorded are required to inform the event organisers accordingly.<\/em><\/p>\n\n\n\n<hr class=\"wp-block-separator has-alpha-channel-opacity\"\/>\n\n\n\n<div class=\"wp-block-columns is-layout-flex wp-container-core-columns-is-layout-8f761849 wp-block-columns-is-layout-flex\"><\/div>\n\n\n\n<p class=\"wp-block-paragraph\"><\/p>\n\n\n\n<figure class=\"wp-block-gallery has-nested-images columns-default is-cropped wp-block-gallery-1 is-layout-flex wp-block-gallery-is-layout-flex\"><\/figure>\n\n\n\n<hr class=\"wp-block-separator has-text-color has-primary-color has-css-opacity has-primary-background-color has-background is-style-default\"\/>\n\n\n\n<div class=\"wp-block-columns is-layout-flex wp-container-core-columns-is-layout-8f761849 wp-block-columns-is-layout-flex\">\n<div class=\"wp-block-column is-vertically-aligned-center is-layout-flow wp-block-column-is-layout-flow\" style=\"flex-basis:100%\">\n<script src=\"https:\/\/cdn.logwork.com\/widget\/countdown.js\"><\/script>\n<a href=\"https:\/\/logwork.com\/countdown-2d14\" class=\"countdown-timer\" data-style=\"columns\" data-timezone=\"Europe\/Bratislava\" data-textcolor=\"#000000\" data-date=\"2026-09-17 09:00\" data-digitscolor=\"#000000\">Countdown<\/a>\n<\/div>\n<\/div>","protected":false},"excerpt":{"rendered":"<p>Pr\u00e1vnick\u00e1 fakulta Univerzity Komensk\u00e9ho v Bratislave V\u00e1s srde\u010dne poz\u00fdva na 12.&nbsp;ro\u010dn\u00edk medzin\u00e1rodnej vedeckej konferencie \u201eBratislavsk\u00e9 pr\u00e1vnick\u00e9 f\u00f3rum&nbsp;2026\u201c, ktor\u00e1 sa bude kona\u0165 v&nbsp;priestoroch Pr\u00e1vnickej fakulty Univerzity Komensk\u00e9ho v&nbsp;Bratislave v d\u0148och 17.&nbsp;\u2013 18.&nbsp;septembra&nbsp;2026 (\u0161tvrtok \u2013 piatok). Konferencia sa organizuje pri pr\u00edle\u017eitosti 105. v\u00fdro\u010dia zalo\u017eenia Pr\u00e1vnickej fakulty Univerzity Komensk\u00e9ho v Bratislave. \u00dastredn\u00e1 t\u00e9ma plen\u00e1rneho zasadnutia:\u201eUdr\u017eate\u013enos\u0165 podnikate\u013eskej \u010dinnosti v [&hellip;]<\/p>\n","protected":false},"author":3,"featured_media":180,"parent":0,"menu_order":0,"comment_status":"closed","ping_status":"closed","template":"templates\/template-cover.php","meta":{"ngg_post_thumbnail":0,"footnotes":""},"class_list":["post-36","page","type-page","status-publish","has-post-thumbnail","hentry"],"yoast_head":"<!-- This site is optimized with the Yoast SEO plugin v28.4 - https:\/\/yoast.com\/product\/yoast-seo-wordpress\/ -->\n<title>\u00davod - BPF<\/title>\n<meta name=\"robots\" content=\"index, follow, max-snippet:-1, max-image-preview:large, max-video-preview:-1\" \/>\n<link rel=\"canonical\" href=\"https:\/\/bpf.flaw.uniba.sk\/en\/\" \/>\n<meta property=\"og:locale\" content=\"en_US\" \/>\n<meta property=\"og:type\" content=\"article\" \/>\n<meta property=\"og:title\" content=\"\u00davod - BPF\" \/>\n<meta property=\"og:description\" content=\"Pr\u00e1vnick\u00e1 fakulta Univerzity Komensk\u00e9ho v Bratislave V\u00e1s srde\u010dne poz\u00fdva na 12.&nbsp;ro\u010dn\u00edk medzin\u00e1rodnej vedeckej konferencie \u201eBratislavsk\u00e9 pr\u00e1vnick\u00e9 f\u00f3rum&nbsp;2026\u201c, ktor\u00e1 sa bude kona\u0165 v&nbsp;priestoroch Pr\u00e1vnickej fakulty Univerzity Komensk\u00e9ho v&nbsp;Bratislave v d\u0148och 17.&nbsp;\u2013 18.&nbsp;septembra&nbsp;2026 (\u0161tvrtok \u2013 piatok). Konferencia sa organizuje pri pr\u00edle\u017eitosti 105. v\u00fdro\u010dia zalo\u017eenia Pr\u00e1vnickej fakulty Univerzity Komensk\u00e9ho v Bratislave. \u00dastredn\u00e1 t\u00e9ma plen\u00e1rneho zasadnutia:\u201eUdr\u017eate\u013enos\u0165 podnikate\u013eskej \u010dinnosti v [&hellip;]\" \/>\n<meta property=\"og:url\" content=\"https:\/\/bpf.flaw.uniba.sk\/en\/\" \/>\n<meta property=\"og:site_name\" content=\"BPF\" \/>\n<meta property=\"article:modified_time\" content=\"2026-09-01T08:03:45+00:00\" \/>\n<meta property=\"og:image\" content=\"https:\/\/bpf.flaw.uniba.sk\/wp-content\/uploads\/2021\/02\/BPF-background.jpg\" \/>\n\t<meta property=\"og:image:width\" content=\"1800\" \/>\n\t<meta property=\"og:image:height\" content=\"1200\" \/>\n\t<meta property=\"og:image:type\" content=\"image\/jpeg\" \/>\n<meta name=\"twitter:card\" content=\"summary_large_image\" \/>\n<meta name=\"twitter:label1\" content=\"Est. reading time\" \/>\n\t<meta name=\"twitter:data1\" content=\"6 minutes\" \/>\n<script type=\"application\/ld+json\" class=\"yoast-schema-graph\">{\"@context\":\"https:\\\/\\\/schema.org\",\"@graph\":[{\"@type\":\"WebPage\",\"@id\":\"https:\\\/\\\/bpf.flaw.uniba.sk\\\/\",\"url\":\"https:\\\/\\\/bpf.flaw.uniba.sk\\\/\",\"name\":\"\u00davod - BPF\",\"isPartOf\":{\"@id\":\"https:\\\/\\\/bpf.flaw.uniba.sk\\\/#website\"},\"primaryImageOfPage\":{\"@id\":\"https:\\\/\\\/bpf.flaw.uniba.sk\\\/#primaryimage\"},\"image\":{\"@id\":\"https:\\\/\\\/bpf.flaw.uniba.sk\\\/#primaryimage\"},\"thumbnailUrl\":\"https:\\\/\\\/bpf.flaw.uniba.sk\\\/wp-content\\\/uploads\\\/2021\\\/02\\\/BPF-background.jpg\",\"datePublished\":\"2021-02-04T08:34:56+00:00\",\"dateModified\":\"2026-09-01T08:03:45+00:00\",\"breadcrumb\":{\"@id\":\"https:\\\/\\\/bpf.flaw.uniba.sk\\\/#breadcrumb\"},\"inLanguage\":\"en-US\",\"potentialAction\":[{\"@type\":\"ReadAction\",\"target\":[\"https:\\\/\\\/bpf.flaw.uniba.sk\\\/\"]}]},{\"@type\":\"ImageObject\",\"inLanguage\":\"en-US\",\"@id\":\"https:\\\/\\\/bpf.flaw.uniba.sk\\\/#primaryimage\",\"url\":\"https:\\\/\\\/bpf.flaw.uniba.sk\\\/wp-content\\\/uploads\\\/2021\\\/02\\\/BPF-background.jpg\",\"contentUrl\":\"https:\\\/\\\/bpf.flaw.uniba.sk\\\/wp-content\\\/uploads\\\/2021\\\/02\\\/BPF-background.jpg\",\"width\":1800,\"height\":1200,\"caption\":\"background-img\"},{\"@type\":\"BreadcrumbList\",\"@id\":\"https:\\\/\\\/bpf.flaw.uniba.sk\\\/#breadcrumb\",\"itemListElement\":[{\"@type\":\"ListItem\",\"position\":1,\"name\":\"Home\",\"item\":\"https:\\\/\\\/bpf.flaw.uniba.sk\\\/\"},{\"@type\":\"ListItem\",\"position\":2,\"name\":\"\u00davod\"}]},{\"@type\":\"WebSite\",\"@id\":\"https:\\\/\\\/bpf.flaw.uniba.sk\\\/#website\",\"url\":\"https:\\\/\\\/bpf.flaw.uniba.sk\\\/\",\"name\":\"BPF\",\"description\":\"\",\"publisher\":{\"@id\":\"https:\\\/\\\/bpf.flaw.uniba.sk\\\/#organization\"},\"potentialAction\":[{\"@type\":\"SearchAction\",\"target\":{\"@type\":\"EntryPoint\",\"urlTemplate\":\"https:\\\/\\\/bpf.flaw.uniba.sk\\\/?s={search_term_string}\"},\"query-input\":{\"@type\":\"PropertyValueSpecification\",\"valueRequired\":true,\"valueName\":\"search_term_string\"}}],\"inLanguage\":\"en-US\"},{\"@type\":\"Organization\",\"@id\":\"https:\\\/\\\/bpf.flaw.uniba.sk\\\/#organization\",\"name\":\"BPF\",\"url\":\"https:\\\/\\\/bpf.flaw.uniba.sk\\\/\",\"logo\":{\"@type\":\"ImageObject\",\"inLanguage\":\"en-US\",\"@id\":\"https:\\\/\\\/bpf.flaw.uniba.sk\\\/#\\\/schema\\\/logo\\\/image\\\/\",\"url\":\"https:\\\/\\\/bpf.flaw.uniba.sk\\\/wp-content\\\/uploads\\\/2026\\\/02\\\/sj-bpf-biele-scaled.png\",\"contentUrl\":\"https:\\\/\\\/bpf.flaw.uniba.sk\\\/wp-content\\\/uploads\\\/2026\\\/02\\\/sj-bpf-biele-scaled.png\",\"width\":2560,\"height\":863,\"caption\":\"BPF\"},\"image\":{\"@id\":\"https:\\\/\\\/bpf.flaw.uniba.sk\\\/#\\\/schema\\\/logo\\\/image\\\/\"}}]}<\/script>\n<!-- \/ Yoast SEO plugin. -->","yoast_head_json":{"title":"\u00davod - BPF","robots":{"index":"index","follow":"follow","max-snippet":"max-snippet:-1","max-image-preview":"max-image-preview:large","max-video-preview":"max-video-preview:-1"},"canonical":"https:\/\/bpf.flaw.uniba.sk\/en\/","og_locale":"en_US","og_type":"article","og_title":"\u00davod - BPF","og_description":"Pr\u00e1vnick\u00e1 fakulta Univerzity Komensk\u00e9ho v Bratislave V\u00e1s srde\u010dne poz\u00fdva na 12.&nbsp;ro\u010dn\u00edk medzin\u00e1rodnej vedeckej konferencie \u201eBratislavsk\u00e9 pr\u00e1vnick\u00e9 f\u00f3rum&nbsp;2026\u201c, ktor\u00e1 sa bude kona\u0165 v&nbsp;priestoroch Pr\u00e1vnickej fakulty Univerzity Komensk\u00e9ho v&nbsp;Bratislave v d\u0148och 17.&nbsp;\u2013 18.&nbsp;septembra&nbsp;2026 (\u0161tvrtok \u2013 piatok). Konferencia sa organizuje pri pr\u00edle\u017eitosti 105. v\u00fdro\u010dia zalo\u017eenia Pr\u00e1vnickej fakulty Univerzity Komensk\u00e9ho v Bratislave. \u00dastredn\u00e1 t\u00e9ma plen\u00e1rneho zasadnutia:\u201eUdr\u017eate\u013enos\u0165 podnikate\u013eskej \u010dinnosti v [&hellip;]","og_url":"https:\/\/bpf.flaw.uniba.sk\/en\/","og_site_name":"BPF","article_modified_time":"2026-09-01T08:03:45+00:00","og_image":[{"width":1800,"height":1200,"url":"https:\/\/bpf.flaw.uniba.sk\/wp-content\/uploads\/2021\/02\/BPF-background.jpg","type":"image\/jpeg"}],"twitter_card":"summary_large_image","twitter_misc":{"Est. reading time":"6 minutes"},"schema":{"@context":"https:\/\/schema.org","@graph":[{"@type":"WebPage","@id":"https:\/\/bpf.flaw.uniba.sk\/","url":"https:\/\/bpf.flaw.uniba.sk\/","name":"\u00davod - BPF","isPartOf":{"@id":"https:\/\/bpf.flaw.uniba.sk\/#website"},"primaryImageOfPage":{"@id":"https:\/\/bpf.flaw.uniba.sk\/#primaryimage"},"image":{"@id":"https:\/\/bpf.flaw.uniba.sk\/#primaryimage"},"thumbnailUrl":"https:\/\/bpf.flaw.uniba.sk\/wp-content\/uploads\/2021\/02\/BPF-background.jpg","datePublished":"2021-02-04T08:34:56+00:00","dateModified":"2026-09-01T08:03:45+00:00","breadcrumb":{"@id":"https:\/\/bpf.flaw.uniba.sk\/#breadcrumb"},"inLanguage":"en-US","potentialAction":[{"@type":"ReadAction","target":["https:\/\/bpf.flaw.uniba.sk\/"]}]},{"@type":"ImageObject","inLanguage":"en-US","@id":"https:\/\/bpf.flaw.uniba.sk\/#primaryimage","url":"https:\/\/bpf.flaw.uniba.sk\/wp-content\/uploads\/2021\/02\/BPF-background.jpg","contentUrl":"https:\/\/bpf.flaw.uniba.sk\/wp-content\/uploads\/2021\/02\/BPF-background.jpg","width":1800,"height":1200,"caption":"background-img"},{"@type":"BreadcrumbList","@id":"https:\/\/bpf.flaw.uniba.sk\/#breadcrumb","itemListElement":[{"@type":"ListItem","position":1,"name":"Home","item":"https:\/\/bpf.flaw.uniba.sk\/"},{"@type":"ListItem","position":2,"name":"\u00davod"}]},{"@type":"WebSite","@id":"https:\/\/bpf.flaw.uniba.sk\/#website","url":"https:\/\/bpf.flaw.uniba.sk\/","name":"BLF","description":"","publisher":{"@id":"https:\/\/bpf.flaw.uniba.sk\/#organization"},"potentialAction":[{"@type":"SearchAction","target":{"@type":"EntryPoint","urlTemplate":"https:\/\/bpf.flaw.uniba.sk\/?s={search_term_string}"},"query-input":{"@type":"PropertyValueSpecification","valueRequired":true,"valueName":"search_term_string"}}],"inLanguage":"en-US"},{"@type":"Organization","@id":"https:\/\/bpf.flaw.uniba.sk\/#organization","name":"BLF","url":"https:\/\/bpf.flaw.uniba.sk\/","logo":{"@type":"ImageObject","inLanguage":"en-US","@id":"https:\/\/bpf.flaw.uniba.sk\/#\/schema\/logo\/image\/","url":"https:\/\/bpf.flaw.uniba.sk\/wp-content\/uploads\/2026\/02\/sj-bpf-biele-scaled.png","contentUrl":"https:\/\/bpf.flaw.uniba.sk\/wp-content\/uploads\/2026\/02\/sj-bpf-biele-scaled.png","width":2560,"height":863,"caption":"BPF"},"image":{"@id":"https:\/\/bpf.flaw.uniba.sk\/#\/schema\/logo\/image\/"}}]}},"_links":{"self":[{"href":"https:\/\/bpf.flaw.uniba.sk\/en\/wp-json\/wp\/v2\/pages\/36","targetHints":{"allow":["GET"]}}],"collection":[{"href":"https:\/\/bpf.flaw.uniba.sk\/en\/wp-json\/wp\/v2\/pages"}],"about":[{"href":"https:\/\/bpf.flaw.uniba.sk\/en\/wp-json\/wp\/v2\/types\/page"}],"author":[{"embeddable":true,"href":"https:\/\/bpf.flaw.uniba.sk\/en\/wp-json\/wp\/v2\/users\/3"}],"replies":[{"embeddable":true,"href":"https:\/\/bpf.flaw.uniba.sk\/en\/wp-json\/wp\/v2\/comments?post=36"}],"version-history":[{"count":206,"href":"https:\/\/bpf.flaw.uniba.sk\/en\/wp-json\/wp\/v2\/pages\/36\/revisions"}],"predecessor-version":[{"id":2901,"href":"https:\/\/bpf.flaw.uniba.sk\/en\/wp-json\/wp\/v2\/pages\/36\/revisions\/2901"}],"wp:featuredmedia":[{"embeddable":true,"href":"https:\/\/bpf.flaw.uniba.sk\/en\/wp-json\/wp\/v2\/media\/180"}],"wp:attachment":[{"href":"https:\/\/bpf.flaw.uniba.sk\/en\/wp-json\/wp\/v2\/media?parent=36"}],"curies":[{"name":"wp","href":"https:\/\/api.w.org\/{rel}","templated":true}]}}